{"id":394,"date":"2022-03-25T12:40:51","date_gmt":"2022-03-25T11:40:51","guid":{"rendered":"https:\/\/www.lecrideloeuf.net\/?page_id=394"},"modified":"2025-01-28T11:20:33","modified_gmt":"2025-01-28T10:20:33","slug":"une-epicerie-sociale-solidaire-mobile-et-ecologique","status":"publish","type":"page","link":"https:\/\/www.lecrideloeuf.net\/index.php\/nos-actions\/une-epicerie-sociale-solidaire-mobile-et-ecologique\/","title":{"rendered":"Vers un tiers-lieu mobile"},"content":{"rendered":"\n<h2 class=\"wp-block-heading has-purple-color has-text-color\"><strong>Tiers-lieu mobile du Cri de l\u2019\u0153uf<\/strong><\/h2>\n\n\n\n<p>Initiative qui se place entre le besoin de lien social et la n\u00e9cessit\u00e9 de parler d\u2019accessibilit\u00e9 alimentaire.<\/p>\n\n\n<div class=\"wp-block-image\">\n<figure class=\"aligncenter size-full is-resized\"><img loading=\"lazy\" decoding=\"async\" width=\"2688\" height=\"1872\" src=\"https:\/\/www.lecrideloeuf.net\/wp-content\/uploads\/2022\/10\/illustration-epicerie-2.png\" alt=\"\" class=\"wp-image-1170\" style=\"width:672px;height:468px\" srcset=\"https:\/\/www.lecrideloeuf.net\/wp-content\/uploads\/2022\/10\/illustration-epicerie-2.png 2688w, https:\/\/www.lecrideloeuf.net\/wp-content\/uploads\/2022\/10\/illustration-epicerie-2-300x209.png 300w, https:\/\/www.lecrideloeuf.net\/wp-content\/uploads\/2022\/10\/illustration-epicerie-2-1024x713.png 1024w, https:\/\/www.lecrideloeuf.net\/wp-content\/uploads\/2022\/10\/illustration-epicerie-2-768x535.png 768w, https:\/\/www.lecrideloeuf.net\/wp-content\/uploads\/2022\/10\/illustration-epicerie-2-1536x1070.png 1536w, https:\/\/www.lecrideloeuf.net\/wp-content\/uploads\/2022\/10\/illustration-epicerie-2-2048x1426.png 2048w\" sizes=\"auto, (max-width: 2688px) 100vw, 2688px\" \/><\/figure>\n<\/div>\n\n\n<h3 class=\"wp-block-heading\">Pr\u00e9sentation<\/h3>\n\n\n\n<p>Le tiers-lieu mobile du Cri de l\u2019\u0153uf aborde la question de l\u2019accessibilit\u00e9 alimentaire dans les quartiers. Elle propose des produits frais r\u00e9cup\u00e9r\u00e9s mais aussi locaux et de saison qui valorise le territoire, solution pour rem\u00e9dier au manque d\u2019aliments sains et \u00e0 des prix abordables dans les d\u00e9serts alimentaires.e<\/p>\n\n\n\n<p>C\u2019est un espace de vie en ext\u00e9rieur qui se d\u00e9place et propose d\u2019accompagner la vie dans les quartiers, le vivre ensemble, l&rsquo;\u00e9mancipation individuelle, la citoyennet\u00e9 et le sentiment d&rsquo;appartenance. Elle propose des tables, des chaises, du caf\u00e9, du th\u00e9 et mise sur une approche autour de la solidarit\u00e9, le d\u00e9veloppement du pouvoir d\u2019agir, le libre choix, le don, le partage de savoir faire et de comp\u00e9tences.<\/p>\n\n\n\n<p>C\u2019est aussi un lieu de recherche et d\u2019exp\u00e9rimentation de l\u2019intelligence collective pour l\u2019\u00e9mergence de solutions \u00ab\u00a0\u00e9co-logiques\u00a0\u00bb dans l&rsquo;\u00e9cosyst\u00e8me humain que repr\u00e9sente un quartier.<\/p>\n\n\n\n<h3 class=\"wp-block-heading\">Les objectifs du tiers lieux mobile du Cri de l\u2019\u0153uf :<\/h3>\n\n\n\n<ul class=\"wp-block-list\">\n<li>Permettre aux habitants d\u2019un quartier de s\u2019organiser, de d\u00e9velopper une solidarit\u00e9 en montrant que c\u2019est possible. De cr\u00e9er pour le quartier une base alimentaire commune.<\/li>\n\n\n\n<li>Faire de la m\u00e9diation et de l\u2019orientation vers des structures locales partenaires.<\/li>\n\n\n\n<li>Accompagner des d\u00e9marches d\u2019appropriation, d\u2019\u00e9mancipation, de lien social et de rencontre.<\/li>\n\n\n\n<li>Cr\u00e9er du lien entre diff\u00e9rents publics d\u2019un m\u00eame quartier.<\/li>\n\n\n\n<li>Accompagner l&rsquo;acc\u00e8s universel \u00e0 une alimentation de qualit\u00e9.<\/li>\n<\/ul>\n\n\n\n<p class=\"has-white-color has-text-color\">.<\/p>\n\n\n\n<p class=\"has-white-color has-pink-background-color has-text-color has-background\" style=\"font-size:20px\">Le tiers-lieu mobile sera pr\u00e9sent r\u00e9guli\u00e8rement sur un quartier, le temps n\u00e9cessaire au d\u00e9veloppement d&rsquo;\u00e9co-syst\u00e8mes de voisinage. Lieu de vie sociale, il est en acc\u00e8s libre, mixte et sans conditions.<\/p>\n\n\n\n<h3 class=\"wp-block-heading\">Comment&nbsp;?<\/h3>\n\n\n\n<p>Notre exp\u00e9rience de travailleur\u00b7ses sociales aupr\u00e8s des habitant\u00b7es et l\u2019urgence sociale, \u00e9cologique et d\u00e9mocratique mis en lumi\u00e8re par les derni\u00e8res crises que nous venons de traverser, nous obligent \u00e0 innover. Nous proposons des actions qui permettent aux personnes d\u2019\u00eatre actrice et r\u00e9pondre collectivement aux probl\u00e9matiques de soci\u00e9t\u00e9 dans un premier temps au plus pr\u00e8s de chez eux. Pour cela nous pensons qu\u2019il faut sortir d&rsquo;un syst\u00e8me d&rsquo;aide consum\u00e9riste en sensibilisant \u00e0 la cause environnementale qui est avant tout humaine.<\/p>\n\n\n<div class=\"wp-block-image\">\n<figure class=\"aligncenter size-large is-resized\"><img loading=\"lazy\" decoding=\"async\" width=\"1024\" height=\"685\" src=\"https:\/\/www.lecrideloeuf.net\/wp-content\/uploads\/2022\/10\/conservesduthiou-1024x685.jpg\" alt=\"\" class=\"wp-image-1173\" style=\"width:559px;height:374px\" srcset=\"https:\/\/www.lecrideloeuf.net\/wp-content\/uploads\/2022\/10\/conservesduthiou-1024x685.jpg 1024w, https:\/\/www.lecrideloeuf.net\/wp-content\/uploads\/2022\/10\/conservesduthiou-300x201.jpg 300w, https:\/\/www.lecrideloeuf.net\/wp-content\/uploads\/2022\/10\/conservesduthiou-768x514.jpg 768w, https:\/\/www.lecrideloeuf.net\/wp-content\/uploads\/2022\/10\/conservesduthiou-1536x1028.jpg 1536w, https:\/\/www.lecrideloeuf.net\/wp-content\/uploads\/2022\/10\/conservesduthiou.jpg 2000w\" sizes=\"auto, (max-width: 1024px) 100vw, 1024px\" \/><\/figure>\n<\/div>\n\n\n<p class=\"has-white-color has-pink-background-color has-text-color has-background\" style=\"font-size:20px\">L\u2019alimentation, comme vecteur social nous permettra de travailler 4 axes&nbsp;: l\u2019organisation collective, l\u2019\u00e9cologie, la citoyennet\u00e9 et l\u2019\u00e9conomie de la solidarit\u00e9.<\/p>\n\n\n\n<div class=\"wp-block-columns is-layout-flex wp-container-core-columns-is-layout-9d6595d7 wp-block-columns-is-layout-flex\">\n<div class=\"wp-block-column is-layout-flow wp-block-column-is-layout-flow\">\n<h3 class=\"wp-block-heading has-text-align-center has-background\" style=\"background-color:#b9ffde\">D\u2019une part, en participant<br>au PAT du Grand Annecy<br>sur le sujet de<br>l\u2019accessibilit\u00e9 alimentaire.<\/h3>\n\n\n\n<p class=\"has-text-align-center has-background\" style=\"background-color:#b9ffde\">Le tiers-lieu mobile du Cri de l\u2019\u0153uf fait partie<br>des solutions suite au diagnostic<br>du projet alimentaire territorial.<br><br>En proposant des produits locaux et de<br>saisons, le but est de favoriser la sant\u00e9 des<br>consommateurs et permettre aux agriculteurs<br>une r\u00e9mun\u00e9ration juste tout en d\u00e9veloppant<br>des pratiques agricoles durables,<br>notamment les circuits courts.<\/p>\n\n\n\n<h3 class=\"wp-block-heading has-text-align-center has-background\" style=\"background-color:#c3f4ff\">Vers une participation citoyenne&nbsp;!<\/h3>\n\n\n\n<p class=\"has-text-align-center has-background\" style=\"background-color:#c3f4ff\">Les habitant\u00b7es sont invit\u00e9\u00b7es \u00e0 s\u2019engager<br>dans les ateliers que nous proposons<br>en mettant en \u0153uvre leurs comp\u00e9tences.<br><br>La gouvernance de l\u2019association consistera<br>\u00e0 int\u00e9grer des habitant\u00b7es, mais aussi producteurs et productrices locales directement dans le CA coll\u00e9gial.<\/p>\n<\/div>\n\n\n\n<div class=\"wp-block-column is-layout-flow wp-block-column-is-layout-flow\">\n<h3 class=\"wp-block-heading has-text-align-center has-background\" style=\"background-color:#c7ffba\">D\u2019autre part en accompagnant<br>les exp\u00e9riences collectives,<br>solutions durables pour demain.<\/h3>\n\n\n\n<p class=\"has-text-align-center has-background\" style=\"background-color:#c7ffba\">En compl\u00e9ment de l\u2019aide alimentaire classique,<br>l\u2019\u00e9quipe du Cri de l\u2019\u0153uf propose des temps de<br>rencontre entre les habitant\u00b7es&nbsp;:<br>ateliers de cuisine de rue\u2026<br><br>Le but est de favoriser l\u2019\u00e9mergence de projet<br>citoyen correspondant aux besoins d\u2019un quartier.<br><br>Les travailleuses et travailleurs sociaux<br>pr\u00e9sent\u00b7es permettent l&rsquo;accompagnement<br>et l&rsquo;orientation des individus pour<br>une \u00e9mancipation individuelle<br>dans le participatif et le collectif.<br><br>Nous proposons d\u2019exp\u00e9rimenter<br>un mode de vie plus solidaire<br>ayant un impact positif dans<br>l\u2019\u00e9cosyst\u00e8me de quartier<br><br>Tout cela bas\u00e9 sur le soutien et la richesse<br>des actions et des alternatives du<br>vivre ensemble d&rsquo;une soci\u00e9t\u00e9 en transition :<br>espace de gratuit\u00e9, partage de service,<br>objeth\u00e8que\u2026<\/p>\n<\/div>\n<\/div>\n\n\n\n<p class=\"has-background\" style=\"background-color:#f1cfff\">Le Projet Alimentaire Territorial est un projet collectif qui vise \u00e0 rapprocher les diff\u00e9rents acteurs pour travailler ensemble sur une strat\u00e9gie autour de l\u2019alimentation de proximit\u00e9.<br><br>Les enjeux du PAT<strong>&nbsp;: <\/strong><\/p>\n\n\n\n<ul class=\"wp-block-list has-blush-light-purple-gradient-background has-background\">\n<li>Re-territorialiser l\u2019alimentation.<\/li>\n\n\n\n<li>R\u00e9pondre \u00e0 l\u2019urgence des enjeux environnementaux et sociaux.<\/li>\n\n\n\n<li>Mobiliser et associer les citoyen\u00b7nes.<\/li>\n\n\n\n<li>\u00catre un levier du d\u00e9veloppement social durable.<\/li>\n<\/ul>\n\n\n\n<p><\/p>\n\n\n\n<h3 class=\"wp-block-heading\">Niveaux de participation<\/h3>\n\n\n\n<p>Pour simplement faire quelques courses ou accompagner les initiatives des habitant\u00b7es, l\u2019\u00e9picerie sociale du<br>Cri de l\u2019\u0153uf permettra aux personnes de participer selon leurs, envies, leurs besoins, leurs implications.<\/p>\n\n\n<div class=\"wp-block-image\">\n<figure class=\"aligncenter size-full\"><img loading=\"lazy\" decoding=\"async\" width=\"605\" height=\"716\" src=\"https:\/\/www.lecrideloeuf.net\/wp-content\/uploads\/2022\/10\/illustration-participation.png\" alt=\"\" class=\"wp-image-1187\" srcset=\"https:\/\/www.lecrideloeuf.net\/wp-content\/uploads\/2022\/10\/illustration-participation.png 605w, https:\/\/www.lecrideloeuf.net\/wp-content\/uploads\/2022\/10\/illustration-participation-253x300.png 253w\" sizes=\"auto, (max-width: 605px) 100vw, 605px\" \/><\/figure>\n<\/div>\n\n\n<h3 class=\"wp-block-heading\">Le fonctionnement<\/h3>\n\n\n\n<p>L&rsquo;\u00e9picerie sera port\u00e9e par l\u2019\u00e9quipe salari\u00e9e de l\u2019association le Cri de l\u2019\u0153uf et tou\u00b7tes les adh\u00e9rent\u00b7es en fonction des d\u00e9sirs\/besoins. La vente alimentaire constitue une accroche pour rencontrer les habitant\u00b7es du quartier.<\/p>\n\n\n<div class=\"wp-block-image\">\n<figure class=\"aligncenter size-full is-resized\"><img loading=\"lazy\" decoding=\"async\" width=\"656\" height=\"710\" src=\"https:\/\/www.lecrideloeuf.net\/wp-content\/uploads\/2022\/10\/illustration-fonctionnement.png\" alt=\"\" class=\"wp-image-1185\" style=\"width:650px;height:703px\" srcset=\"https:\/\/www.lecrideloeuf.net\/wp-content\/uploads\/2022\/10\/illustration-fonctionnement.png 656w, https:\/\/www.lecrideloeuf.net\/wp-content\/uploads\/2022\/10\/illustration-fonctionnement-277x300.png 277w\" sizes=\"auto, (max-width: 656px) 100vw, 656px\" \/><\/figure>\n<\/div>\n\n\n<h3 class=\"wp-block-heading\">Le partenariat<\/h3>\n\n\n\n<p>Un travail en partenariat avec la ville, le CCAS, les assistantes sociales de secteurs est une priorit\u00e9, puisque les client\u00b7es \u00ab&nbsp;b\u00e9n\u00e9ficiaires&nbsp;\u00bb seront orient\u00e9s par les travailleurs sociaux. Un travail partenarial avec les associations de la transition permet de sensibiliser les habitant\u00b7es \u00e0 de nouvelles fa\u00e7ons de vivre ensemble afin de trouver leur propre mani\u00e8re de vivre ensemble. <\/p>\n\n\n\n<div class=\"wp-block-columns is-layout-flex wp-container-core-columns-is-layout-9d6595d7 wp-block-columns-is-layout-flex\">\n<div class=\"wp-block-column is-layout-flow wp-block-column-is-layout-flow\" style=\"flex-basis:33.33%\">\n<figure class=\"wp-block-image size-full is-resized\"><img loading=\"lazy\" decoding=\"async\" width=\"180\" height=\"158\" src=\"https:\/\/www.lecrideloeuf.net\/wp-content\/uploads\/2022\/10\/logoweb2.png\" alt=\"\" class=\"wp-image-1182\" style=\"width:149px;height:131px\"\/><\/figure>\n<\/div>\n\n\n\n<div class=\"wp-block-column is-layout-flow wp-block-column-is-layout-flow\" style=\"flex-basis:66.66%\">\n<p>Le Groupement des \u00c9piceries Sociales et Solidaires Rh\u00f4ne-Alpes Auvergne (GESRA) a \u00e9t\u00e9 sollicit\u00e9e pour accompagner le Cri de l\u2019\u0153uf dans le d\u00e9veloppement de cette \u00e9picerie itin\u00e9rante, solidaire.<\/p>\n<\/div>\n<\/div>\n\n\n\n<h3 class=\"wp-block-heading\">Une \u00e9picerie solidaire qui r\u00e9pond aux objectifs du d\u00e9veloppement durable<\/h3>\n\n\n\n<p>Ce projet comporte plusieurs volets, identiques \u00e0 ceux du principe du d\u00e9veloppement durable : social, environnemental et \u00e9conomique. Cette action r\u00e9pond \u00e0 des sous-objectifs du d\u00e9veloppement durable parmi les objectifs globaux list\u00e9s par l&rsquo;ONU :<\/p>\n\n\n<div class=\"wp-block-image\">\n<figure class=\"aligncenter size-large is-resized\"><img loading=\"lazy\" decoding=\"async\" width=\"1024\" height=\"304\" src=\"https:\/\/www.lecrideloeuf.net\/wp-content\/uploads\/2022\/06\/objectif-dd-onu-pour-epicerie-1024x304.jpg\" alt=\"\" class=\"wp-image-959\" style=\"width:759px;height:225px\" srcset=\"https:\/\/www.lecrideloeuf.net\/wp-content\/uploads\/2022\/06\/objectif-dd-onu-pour-epicerie-1024x304.jpg 1024w, https:\/\/www.lecrideloeuf.net\/wp-content\/uploads\/2022\/06\/objectif-dd-onu-pour-epicerie-300x89.jpg 300w, https:\/\/www.lecrideloeuf.net\/wp-content\/uploads\/2022\/06\/objectif-dd-onu-pour-epicerie-768x228.jpg 768w, https:\/\/www.lecrideloeuf.net\/wp-content\/uploads\/2022\/06\/objectif-dd-onu-pour-epicerie.jpg 1081w\" sizes=\"auto, (max-width: 1024px) 100vw, 1024px\" \/><\/figure>\n<\/div>\n\n\n<p>A plus long terme nous esp\u00e9rons que cette \u00e9picerie deviendra un atelier d\u2019insertion et r\u00e9pondra ainsi \u00e0 l&rsquo;objectif \u00ab\u00a0acc\u00e8s \u00e0 un travail d\u00e9cent\u00a0\u00bb du d\u00e9veloppement durable par l&rsquo;aide par l&#8217;emploi, insertion socio-professionnelle et la mont\u00e9e en comp\u00e9tences.  <\/p>\n\n\n\n<h3 class=\"wp-block-heading\">En r\u00e9sum\u00e9<\/h3>\n\n\n\n<p class=\"has-text-align-center has-black-color has-text-color has-background\" style=\"background-color:#c78fff;font-size:18px\">J&rsquo;ai d\u00e9couvert le march\u00e9 solidaire, depuis je consomme diff\u00e9remment, les premiers temps j&rsquo;ai donn\u00e9 au march\u00e9 les aliments que je n&rsquo;avais pas l&rsquo;intention d&rsquo;utiliser dans un d\u00e9lai court pour \u00e9viter tout gaspillage, depuis, j&rsquo;ach\u00e8te moins mais mieux et surtout plus responsable. Je fais b\u00e9n\u00e9ficier mon voisin, qui a une petite retraite, de mes produits achet\u00e9s sur le march\u00e9, \u00e7a peut sembler pas grand chose mais il appr\u00e9cie ces petites surprises hebdomadaires. j&rsquo;ai r\u00e9cup\u00e9r\u00e9 le mois dernier un blouson et 2 jeans pour l&rsquo;association un \u00ab\u00a0geste un sourire\u00a0\u00bb. Je suis heureuse de vivre dans un quartier o\u00f9 la biodiversit\u00e9 a un sens. <br>Une habitante de Cran-Gevrier<\/p>\n\n\n\n<figure class=\"wp-block-image size-large\"><img loading=\"lazy\" decoding=\"async\" width=\"1024\" height=\"737\" src=\"https:\/\/www.lecrideloeuf.net\/wp-content\/uploads\/2022\/10\/epicerie-mobile-le-graph-2-1024x737.jpg\" alt=\"\" class=\"wp-image-1181\" srcset=\"https:\/\/www.lecrideloeuf.net\/wp-content\/uploads\/2022\/10\/epicerie-mobile-le-graph-2-1024x737.jpg 1024w, https:\/\/www.lecrideloeuf.net\/wp-content\/uploads\/2022\/10\/epicerie-mobile-le-graph-2-300x216.jpg 300w, https:\/\/www.lecrideloeuf.net\/wp-content\/uploads\/2022\/10\/epicerie-mobile-le-graph-2-768x552.jpg 768w, https:\/\/www.lecrideloeuf.net\/wp-content\/uploads\/2022\/10\/epicerie-mobile-le-graph-2-1536x1105.jpg 1536w, https:\/\/www.lecrideloeuf.net\/wp-content\/uploads\/2022\/10\/epicerie-mobile-le-graph-2-2048x1473.jpg 2048w\" sizes=\"auto, (max-width: 1024px) 100vw, 1024px\" \/><\/figure>\n\n\n\n<h3 class=\"wp-block-heading\">Pour plus d\u2019informations<\/h3>\n\n\n\n<p class=\"has-black-color has-text-color has-background\" style=\"background-color:#d298ff\">Merci de contacter Anne-Lise&nbsp;: 06 63 17 76 01 <\/p>\n\n\n\n<figure class=\"wp-block-image size-full\"><img loading=\"lazy\" decoding=\"async\" width=\"434\" height=\"176\" src=\"https:\/\/www.lecrideloeuf.net\/wp-content\/uploads\/2025\/01\/image-10.png\" alt=\"\" class=\"wp-image-2669\" srcset=\"https:\/\/www.lecrideloeuf.net\/wp-content\/uploads\/2025\/01\/image-10.png 434w, https:\/\/www.lecrideloeuf.net\/wp-content\/uploads\/2025\/01\/image-10-300x122.png 300w\" sizes=\"auto, (max-width: 434px) 100vw, 434px\" \/><\/figure>\n\n\n\n<figure class=\"wp-block-image size-large\"><img loading=\"lazy\" decoding=\"async\" width=\"991\" height=\"1024\" src=\"https:\/\/www.lecrideloeuf.net\/wp-content\/uploads\/2025\/01\/illustration-velocargo-991x1024.png\" alt=\"\" class=\"wp-image-2672\" srcset=\"https:\/\/www.lecrideloeuf.net\/wp-content\/uploads\/2025\/01\/illustration-velocargo-991x1024.png 991w, https:\/\/www.lecrideloeuf.net\/wp-content\/uploads\/2025\/01\/illustration-velocargo-290x300.png 290w, https:\/\/www.lecrideloeuf.net\/wp-content\/uploads\/2025\/01\/illustration-velocargo-768x793.png 768w, https:\/\/www.lecrideloeuf.net\/wp-content\/uploads\/2025\/01\/illustration-velocargo-1487x1536.png 1487w, https:\/\/www.lecrideloeuf.net\/wp-content\/uploads\/2025\/01\/illustration-velocargo-1982x2048.png 1982w\" sizes=\"auto, (max-width: 991px) 100vw, 991px\" \/><\/figure>\n","protected":false},"excerpt":{"rendered":"<p>Tiers-lieu mobile du Cri de l\u2019\u0153uf Initiative qui se place entre le besoin de lien social et la n\u00e9cessit\u00e9 de parler d\u2019accessibilit\u00e9 alimentaire. Pr\u00e9sentation Le [&hellip;]<\/p>\n","protected":false},"author":1,"featured_media":1170,"parent":390,"menu_order":2,"comment_status":"closed","ping_status":"closed","template":"","meta":{"_themeisle_gutenberg_block_has_review":false,"footnotes":""},"class_list":["post-394","page","type-page","status-publish","has-post-thumbnail","hentry"],"_links":{"self":[{"href":"https:\/\/www.lecrideloeuf.net\/index.php\/wp-json\/wp\/v2\/pages\/394","targetHints":{"allow":["GET"]}}],"collection":[{"href":"https:\/\/www.lecrideloeuf.net\/index.php\/wp-json\/wp\/v2\/pages"}],"about":[{"href":"https:\/\/www.lecrideloeuf.net\/index.php\/wp-json\/wp\/v2\/types\/page"}],"author":[{"embeddable":true,"href":"https:\/\/www.lecrideloeuf.net\/index.php\/wp-json\/wp\/v2\/users\/1"}],"replies":[{"embeddable":true,"href":"https:\/\/www.lecrideloeuf.net\/index.php\/wp-json\/wp\/v2\/comments?post=394"}],"version-history":[{"count":29,"href":"https:\/\/www.lecrideloeuf.net\/index.php\/wp-json\/wp\/v2\/pages\/394\/revisions"}],"predecessor-version":[{"id":2673,"href":"https:\/\/www.lecrideloeuf.net\/index.php\/wp-json\/wp\/v2\/pages\/394\/revisions\/2673"}],"up":[{"embeddable":true,"href":"https:\/\/www.lecrideloeuf.net\/index.php\/wp-json\/wp\/v2\/pages\/390"}],"wp:featuredmedia":[{"embeddable":true,"href":"https:\/\/www.lecrideloeuf.net\/index.php\/wp-json\/wp\/v2\/media\/1170"}],"wp:attachment":[{"href":"https:\/\/www.lecrideloeuf.net\/index.php\/wp-json\/wp\/v2\/media?parent=394"}],"curies":[{"name":"wp","href":"https:\/\/api.w.org\/{rel}","templated":true}]}}